{"id":99,"date":"2024-09-11T14:50:37","date_gmt":"2024-09-11T14:50:37","guid":{"rendered":"https:\/\/sajatdal.hu\/?page_id=99"},"modified":"2024-09-11T15:04:43","modified_gmt":"2024-09-11T15:04:43","slug":"altalanos-szerzodesi-feltetelek","status":"publish","type":"page","link":"https:\/\/sajatdal.hu\/?page_id=99","title":{"rendered":"\u00c1ltal\u00e1nos Szerz\u0151d\u00e9si Felt\u00e9telek"},"content":{"rendered":"<div class=\"brz-root__container brz-reset-all brz\">{{ brizy_dc_global_blocks position=&#8217;top&#8217; }}<\/p>\n<section id=\"tNXBS0M6g0Oz\" class=\"brz-section brz-css-lFzIq\">\n<div class=\"brz-section__content brz-section--boxed brz-css-csqq8\" data-brz-custom-id=\"wIbZQukbZ3cN\">\n<div class=\"brz-container brz-css-tKy6O\">\n<div id=\"\" class=\"brz-css-hb4Gs brz-wrapper\">\n<div class=\"brz-rich-text brz-rich-text__custom brz-css-hwGUn\" data-brz-custom-id=\"u6G94gLG7qV_\">\n<div data-brz-translate-text=\"1\">\n<h1 class=\"brz-tp-lg-heading1 brz-css-kdRt0\" data-generated-css=\"brz-css-ihF8D\" data-uniq-id=\"i6gAU\"><span class=\"brz-cp-color7\">\u00c1ltal\u00e1nos Szerz\u0151d\u00e9si Felt\u00e9telek &#8211; Sajatdal.hu<\/span><\/h1>\n<p class=\"brz-tp-lg-paragraph brz-css-x9fpG\" data-generated-css=\"brz-css-yoidZ\" data-uniq-id=\"i6j5o\"><span class=\"brz-cp-color7\">Ezen \u00c1ltal\u00e1nos Szerz\u0151d\u00e9si Felt\u00e9telek (a tov\u00e1bbiakban: &#8222;\u00c1SZF&#8221;) a sajatdal.hu weboldalon el\u00e9rhet\u0151 szolg\u00e1ltat\u00e1sok ig\u00e9nybev\u00e9tel\u00e9re vonatkoznak, amelyeket Horv\u00e1th Attila EV \u00fczemeltet \u00e9s tulajdonol. A Weboldal haszn\u00e1lat\u00e1val a felhaszn\u00e1l\u00f3 elfogadja az al\u00e1bbi felt\u00e9teleket.<\/span><\/p>\n<h2 class=\"brz-tp-lg-heading2 brz-css-onUo_\" data-generated-css=\"brz-css-o60vo\" data-uniq-id=\"q0K7d\"><span class=\"brz-cp-color7\">Adatv\u00e9delem \u00e9s biztons\u00e1g<\/span><\/h2>\n<ul>\n<li class=\"brz-tp-lg-paragraph brz-css-fzEQI\" data-generated-css=\"brz-css-aSV3l\" data-uniq-id=\"h83A_\"><strong class=\"brz-cp-color7\">Adatkezel\u00e9s<\/strong><span class=\"brz-cp-color7\">: Az \u00d6n szem\u00e9lyes adatait a GDPR el\u0151\u00edr\u00e1sainak megfelel\u0151en kezelj\u00fck, biztos\u00edtva adatainak v\u00e9delm\u00e9t \u00e9s priv\u00e1t szf\u00e9r\u00e1j\u00e1t.<\/span><\/li>\n<li class=\"brz-tp-lg-paragraph brz-css-bv1K0\" data-generated-css=\"brz-css-cHunY\" data-uniq-id=\"mHD60\"><strong class=\"brz-cp-color7\">Adatfelhaszn\u00e1l\u00e1s<\/strong><span class=\"brz-cp-color7\">: Az adatokat csak a sz\u00fcks\u00e9ges m\u00e9rt\u00e9kben \u00e9s c\u00e9lb\u00f3l haszn\u00e1ljuk fel, \u00e9s nem adjuk ki harmadik f\u00e9l sz\u00e1m\u00e1ra az \u00d6n kifejezett enged\u00e9lye n\u00e9lk\u00fcl.<\/span><\/li>\n<\/ul>\n<h2 class=\"brz-tp-lg-heading2 brz-css-ltJYS\" data-generated-css=\"brz-css-iTftd\" data-uniq-id=\"fxFbp\"><span class=\"brz-cp-color7\">Szolg\u00e1ltat\u00e1sok<\/span><\/h2>\n<p class=\"brz-tp-lg-paragraph brz-css-frMd2\" data-generated-css=\"brz-css-gEoVp\" data-uniq-id=\"dg0T_\"><span class=\"brz-cp-color7\">A Weboldal lehet\u0151s\u00e9get biztos\u00edt egyedi dalok megrendel\u00e9s\u00e9re k\u00fcl\u00f6nb\u00f6z\u0151 esem\u00e9nyekre. A szolg\u00e1ltat\u00e1s mag\u00e1ban foglalja a dalok megalkot\u00e1s\u00e1t, felv\u00e9tel\u00e9t \u00e9s a k\u00e9sz zenei anyag digit\u00e1lis form\u00e1ban t\u00f6rt\u00e9n\u0151 \u00e1tad\u00e1s\u00e1t. Az elk\u00e9sz\u00fclt dalok kiz\u00e1r\u00f3lag saj\u00e1t haszn\u00e1latra vehet\u0151k ig\u00e9nybe. A dalok szabadon let\u00f6lthet\u0151k, hallgathat\u00f3k, \u00e9s megoszthat\u00f3k bar\u00e1taival \u00e9s ismer\u0151seivel. K\u00e9rj\u00fck, vegye figyelembe, hogy a dalok streaming szolg\u00e1ltat\u00f3k sz\u00e1m\u00e1ra t\u00f6rt\u00e9n\u0151 felt\u00f6lt\u00e9se (pl. Youtube, Spotify, stb.) vagy nyilv\u00e1nos k\u00f6zz\u00e9t\u00e9tele a szerz\u0151 kifejezett enged\u00e9lye n\u00e9lk\u00fcl nem megengedett. A dalok teljes szerz\u0151i joga k\u00fcl\u00f6n meg\u00e1llapod\u00e1s n\u00e9lk\u00fcl a szerz\u0151n\u00e9l marad. Ha a v\u00e1s\u00e1rl\u00f3 a teljes szerz\u0151i jogot szeretn\u00e9 megszerezni, annak k\u00f6lts\u00e9ge dalonk\u00e9nt nett\u00f3 190.000 forint.<\/span><\/p>\n<h2 class=\"brz-tp-lg-heading2 brz-css-kj4Tc\" data-generated-css=\"brz-css-sj0FG\" data-uniq-id=\"wbplu\"><span class=\"brz-cp-color7\">Online Tranzakci\u00f3k<\/span><\/h2>\n<ul>\n<li class=\"brz-tp-lg-paragraph brz-css-uUxx1\" data-generated-css=\"brz-css-vNHBC\" data-uniq-id=\"vcSwF\"><strong class=\"brz-cp-color7\">Fizet\u00e9s<\/strong><span class=\"brz-cp-color7\">: Az oldalon t\u00f6rt\u00e9n\u0151 v\u00e1s\u00e1rl\u00e1sok sor\u00e1n minden fizet\u00e9si m\u0171veletet biztons\u00e1gos \u00e9s titkos\u00edtott form\u00e1ban kezel\u00fcnk. A dalok megrendel\u00e9sekor a felhaszn\u00e1l\u00f3 k\u00f6teles megfizetni a Weboldalon felt\u00fcntetett d\u00edjat. A fizet\u00e9s el\u0151re, a dal elk\u00e9sz\u00edt\u00e9s\u00e9nek megkezd\u00e9se el\u0151tt esed\u00e9kes.<\/span><\/li>\n<li class=\"brz-tp-lg-paragraph brz-css-wFg5K\" data-generated-css=\"brz-css-c4iDa\" data-uniq-id=\"bphdn\"><strong class=\"brz-cp-color7\">V\u00e1s\u00e1rl\u00f3i Jogok<\/strong><span class=\"brz-cp-color7\">: Tiszteletben tartjuk \u00e9s betartjuk az e-kereskedelemre vonatkoz\u00f3 fogyaszt\u00f3v\u00e9delmi t\u00f6rv\u00e9nyeket.<\/span><\/li>\n<\/ul>\n<h2 class=\"brz-tp-lg-heading2 brz-css-duAFg\" data-generated-css=\"brz-css-iBZNV\" data-uniq-id=\"rGnrI\"><span class=\"brz-cp-color7\">Sz\u00e1ll\u00edt\u00e1si folyamat<\/span><\/h2>\n<p class=\"brz-tp-lg-paragraph brz-css-jWHSz\" data-generated-css=\"brz-css-tr_7L\" data-uniq-id=\"uPDHi\"><span class=\"brz-cp-color7\">Miut\u00e1n a felhaszn\u00e1l\u00f3 megadta a sz\u00fcks\u00e9ges inform\u00e1ci\u00f3kat \u00e9s a fizet\u00e9s megt\u00f6rt\u00e9nt, a Szolg\u00e1ltat\u00f3 v\u00e1llalja, hogy a dalokat 6 munkanapon bel\u00fcl elk\u00e9sz\u00edti \u00e9s a megadott e-mail c\u00edmre eljuttatja.<\/span><\/p>\n<h2 class=\"brz-tp-lg-heading2 brz-css-rP3pk\" data-generated-css=\"brz-css-jo2hm\" data-uniq-id=\"a3rJf\"><span class=\"brz-cp-color7\">Felel\u0151ss\u00e9g \u00e9s Jogvit\u00e1k<\/span><\/h2>\n<ul>\n<li class=\"brz-tp-lg-paragraph brz-css-bBQE3\" data-generated-css=\"brz-css-whP_q\" data-uniq-id=\"tamiP\"><strong class=\"brz-cp-color7\">Felel\u0151ss\u00e9gi Nyilatkozat<\/strong><span class=\"brz-cp-color7\">: A Sajatdal.hu nem v\u00e1llal felel\u0151ss\u00e9get harmadik felek \u00e1ltal okozott k\u00e1rok\u00e9rt. Az oldal haszn\u00e1lata az \u00d6n saj\u00e1t felel\u0151ss\u00e9g\u00e9re t\u00f6rt\u00e9nik. A Szolg\u00e1ltat\u00f3 nem v\u00e1llal felel\u0151ss\u00e9get a Weboldal haszn\u00e1lat\u00e1b\u00f3l ered\u0151 k\u00f6zvetlen vagy k\u00f6zvetett k\u00e1rok\u00e9rt, bele\u00e9rtve a technikai hib\u00e1kb\u00f3l vagy adatveszt\u00e9sb\u0151l ered\u0151 k\u00e1rokat is.<\/span><\/li>\n<li class=\"brz-tp-lg-paragraph brz-css-ul9uP\" data-generated-css=\"brz-css-zN0nI\" data-uniq-id=\"zSyhA\"><strong class=\"brz-cp-color7\">Jogvit\u00e1k Rendez\u00e9se<\/strong><span class=\"brz-cp-color7\">: Az esetleges vit\u00e1kat els\u0151sorban b\u00e9k\u00e9s \u00faton, k\u00f6zvetlen egyeztet\u00e9s sor\u00e1n kell rendezni. Ha ez nem vezet eredm\u00e9nyre, a felek a magyar b\u00edr\u00f3s\u00e1gok joghat\u00f3s\u00e1g\u00e1hoz fordulhatnak. Esetleges jogvit\u00e1k rendez\u00e9s\u00e9re a magyar jog az ir\u00e1nyad\u00f3. Konfliktus eset\u00e9n k\u00e9rj\u00fck, el\u0151sz\u00f6r keressen meg minket a b\u00e9k\u00e9s megold\u00e1s \u00e9rdek\u00e9ben.<\/span><\/li>\n<\/ul>\n<h2 class=\"brz-tp-lg-heading2 brz-css-a5O2o\" data-generated-css=\"brz-css-y3rPr\" data-uniq-id=\"mjqWL\"><span class=\"brz-cp-color7\">Kiskor\u00faakra vonatkoz\u00f3 rendelkez\u00e9sek<\/span><\/h2>\n<p class=\"brz-tp-lg-paragraph brz-css-mBNST\" data-generated-css=\"brz-css-yJWjO\" data-uniq-id=\"e3v3O\"><span class=\"brz-cp-color7\">Amennyiben a szolg\u00e1ltat\u00e1sainkat kiskor\u00faak is ig\u00e9nybe veszik, k\u00e9rj\u00fck, hogy sz\u00fcl\u0151i fel\u00fcgyelettel \u00e9s enged\u00e9llyel regisztr\u00e1ljanak az oldalon.<\/span><\/p>\n<p class=\"brz-tp-lg-paragraph brz-css-pyb9T\" data-generated-css=\"brz-css-bTqjS\" data-uniq-id=\"v5iaT\"><span class=\"brz-cp-color7\">Jelen \u00c1SZF-re a magyar jog az ir\u00e1nyad\u00f3. A felek a jogvit\u00e1s \u00fcgyekben a magyar b\u00edr\u00f3s\u00e1gok illet\u00e9kess\u00e9g\u00e9t k\u00f6tik ki. Jelen \u00c1ltal\u00e1nos Szerz\u0151d\u00e9si Felt\u00e9telek a k\u00f6zz\u00e9t\u00e9tel napj\u00e1n l\u00e9pnek hat\u00e1lyba \u00e9s visszavon\u00e1sig \u00e9rv\u00e9nyesek. A Szolg\u00e1ltat\u00f3 fenntartja a jogot az \u00c1SZF m\u00f3dos\u00edt\u00e1s\u00e1ra, melyr\u0151l a Weboldalon kereszt\u00fcl t\u00e1j\u00e9koztatja a felhaszn\u00e1l\u00f3kat.<\/span><\/p>\n<p class=\"brz-tp-lg-paragraph brz-css-bFeFd\" data-generated-css=\"brz-css-rw3fS\" data-uniq-id=\"aSI8P\"><span class=\"brz-cp-color7\">K\u00f6sz\u00f6nj\u00fck, hogy a Sajatdal.hu-t v\u00e1lasztotta! Ha b\u00e1rmilyen k\u00e9rd\u00e9se vagy \u00e9szrev\u00e9tele van, k\u00e9rj\u00fck, ne habozzon kapcsolatba l\u00e9pni vel\u00fcnk.<\/span><\/p>\n<p class=\"brz-tp-lg-paragraph brz-css-oNyGQ\" data-generated-css=\"brz-css-jJB7R\" data-uniq-id=\"dgvSH\">Kapcsolat:<\/p>\n<p class=\"brz-tp-lg-paragraph brz-css-q67dm\" data-generated-css=\"brz-css-jJB7R\" data-uniq-id=\"dgvSH\">Horv\u00e1th Attila EV.<\/p>\n<p class=\"brz-tp-lg-paragraph brz-css-t4uEg\" data-generated-css=\"brz-css-jJB7R\" data-uniq-id=\"dgvSH\">2112 Veresegyh\u00e1z, Tas u. 2\/A <\/p>\n<p class=\"brz-tp-lg-paragraph brz-css-wUnpJ\" data-generated-css=\"brz-css-jJB7R\" data-uniq-id=\"dgvSH\">\n<p class=\"brz-tp-lg-paragraph brz-css-dkpX2\" data-generated-css=\"brz-css-kDjt5\" data-uniq-id=\"qeoKZ\"><\/p>\n<\/div>\n<\/div>\n<\/div>\n<\/div>\n<\/div>\n<\/section>\n<p>{{ brizy_dc_global_blocks position=&#8217;bottom&#8217; }}<\/p><\/div>\n<p>    <!-- version:1726067083 --><\/p>\n","protected":false},"excerpt":{"rendered":"<p>{{ brizy_dc_global_blocks position=&#8217;top&#8217; }} \u00c1ltal\u00e1nos Szerz\u0151d\u00e9si Felt\u00e9telek &#8211; Sajatdal.hu Ezen \u00c1ltal\u00e1nos Szerz\u0151d\u00e9si Felt\u00e9telek (a tov\u00e1bbiakban: &#8222;\u00c1SZF&#8221;) a sajatdal.hu weboldalon el\u00e9rhet\u0151 szolg\u00e1ltat\u00e1sok ig\u00e9nybev\u00e9tel\u00e9re vonatkoznak, amelyeket Horv\u00e1th Attila EV \u00fczemeltet \u00e9s tulajdonol. A Weboldal haszn\u00e1lat\u00e1val a felhaszn\u00e1l\u00f3 elfogadja az al\u00e1bbi felt\u00e9teleket. Adatv\u00e9delem \u00e9s biztons\u00e1g Adatkezel\u00e9s: Az \u00d6n szem\u00e9lyes adatait a GDPR el\u0151\u00edr\u00e1sainak megfelel\u0151en kezelj\u00fck, biztos\u00edtva adatainak v\u00e9delm\u00e9t&hellip; <a class=\"more-link\" href=\"https:\/\/sajatdal.hu\/?page_id=99\"><span class=\"screen-reader-text\">\u00c1ltal\u00e1nos Szerz\u0151d\u00e9si Felt\u00e9telek<\/span> olvas\u00e1s\u00e1nak folytat\u00e1sa<\/a><\/p>\n","protected":false},"author":1,"featured_media":0,"parent":0,"menu_order":0,"comment_status":"closed","ping_status":"closed","template":"brizy-blank-template.php","meta":{"footnotes":""},"class_list":["post-99","page","type-page","status-publish","hentry","entry"],"_links":{"self":[{"href":"https:\/\/sajatdal.hu\/index.php?rest_route=\/wp\/v2\/pages\/99"}],"collection":[{"href":"https:\/\/sajatdal.hu\/index.php?rest_route=\/wp\/v2\/pages"}],"about":[{"href":"https:\/\/sajatdal.hu\/index.php?rest_route=\/wp\/v2\/types\/page"}],"author":[{"embeddable":true,"href":"https:\/\/sajatdal.hu\/index.php?rest_route=\/wp\/v2\/users\/1"}],"replies":[{"embeddable":true,"href":"https:\/\/sajatdal.hu\/index.php?rest_route=%2Fwp%2Fv2%2Fcomments&post=99"}],"version-history":[{"count":3,"href":"https:\/\/sajatdal.hu\/index.php?rest_route=\/wp\/v2\/pages\/99\/revisions"}],"predecessor-version":[{"id":103,"href":"https:\/\/sajatdal.hu\/index.php?rest_route=\/wp\/v2\/pages\/99\/revisions\/103"}],"wp:attachment":[{"href":"https:\/\/sajatdal.hu\/index.php?rest_route=%2Fwp%2Fv2%2Fmedia&parent=99"}],"curies":[{"name":"wp","href":"https:\/\/api.w.org\/{rel}","templated":true}]}}